{"id":37,"date":"2023-01-31T22:57:40","date_gmt":"2023-01-31T21:57:40","guid":{"rendered":"https:\/\/www.leinerlaura.hu\/?page_id=37"},"modified":"2023-02-09T17:59:36","modified_gmt":"2023-02-09T16:59:36","slug":"gyik","status":"publish","type":"page","link":"https:\/\/www.leinerlaura.hu\/index.php\/gyik\/","title":{"rendered":"GYIK"},"content":{"rendered":"\t\t<div data-elementor-type=\"wp-page\" data-elementor-id=\"37\" class=\"elementor elementor-37\">\n\t\t\t\t\t\t<section class=\"elementor-section elementor-top-section elementor-element elementor-element-34fa9f4 elementor-section-boxed elementor-section-height-default elementor-section-height-default\" data-id=\"34fa9f4\" data-element_type=\"section\" data-e-type=\"section\">\n\t\t\t\t\t\t<div class=\"elementor-container elementor-column-gap-default\">\n\t\t\t\t\t<div class=\"elementor-column elementor-col-100 elementor-top-column elementor-element elementor-element-2e74702\" data-id=\"2e74702\" data-element_type=\"column\" data-e-type=\"column\">\n\t\t\t<div class=\"elementor-widget-wrap elementor-element-populated\">\n\t\t\t\t\t\t<div class=\"elementor-element elementor-element-4a48beb elementor-widget elementor-widget-malina-septitle\" data-id=\"4a48beb\" data-element_type=\"widget\" data-e-type=\"widget\" data-widget_type=\"malina-septitle.default\">\n\t\t\t\t<div class=\"elementor-widget-container\">\n\t\t\t\t\t<div class=\"separator-title textcenter\"><h3><span>Gyakran ism\u00e9telt k\u00e9rd\u00e9sek<\/span><\/h3><\/div>\t\t\t\t<\/div>\n\t\t\t\t<\/div>\n\t\t\t\t\t<\/div>\n\t\t<\/div>\n\t\t\t\t\t<\/div>\n\t\t<\/section>\n\t\t\t\t<section class=\"elementor-section elementor-top-section elementor-element elementor-element-5678f90 elementor-section-boxed elementor-section-height-default elementor-section-height-default\" data-id=\"5678f90\" data-element_type=\"section\" data-e-type=\"section\">\n\t\t\t\t\t\t<div class=\"elementor-container elementor-column-gap-default\">\n\t\t\t\t\t<div class=\"elementor-column elementor-col-100 elementor-top-column elementor-element elementor-element-36b7b09\" data-id=\"36b7b09\" data-element_type=\"column\" data-e-type=\"column\">\n\t\t\t<div class=\"elementor-widget-wrap elementor-element-populated\">\n\t\t\t\t\t\t<div class=\"elementor-element elementor-element-2b67694 elementor-tabs-view-horizontal elementor-widget elementor-widget-tabs\" data-id=\"2b67694\" data-element_type=\"widget\" data-e-type=\"widget\" data-widget_type=\"tabs.default\">\n\t\t\t\t<div class=\"elementor-widget-container\">\n\t\t\t\t\t\t\t<div class=\"elementor-tabs\">\n\t\t\t<div class=\"elementor-tabs-wrapper\" role=\"tablist\" >\n\t\t\t\t\t\t\t\t\t<div id=\"elementor-tab-title-4551\" class=\"elementor-tab-title elementor-tab-desktop-title\" aria-selected=\"true\" data-tab=\"1\" role=\"tab\" tabindex=\"0\" aria-controls=\"elementor-tab-content-4551\" aria-expanded=\"false\">\u00c1ltal\u00e1nos<\/div>\n\t\t\t\t\t\t\t\t\t<div id=\"elementor-tab-title-4552\" class=\"elementor-tab-title elementor-tab-desktop-title\" aria-selected=\"false\" data-tab=\"2\" role=\"tab\" tabindex=\"-1\" aria-controls=\"elementor-tab-content-4552\" aria-expanded=\"false\">SzJG<\/div>\n\t\t\t\t\t\t\t\t\t<div id=\"elementor-tab-title-4553\" class=\"elementor-tab-title elementor-tab-desktop-title\" aria-selected=\"false\" data-tab=\"3\" role=\"tab\" tabindex=\"-1\" aria-controls=\"elementor-tab-content-4553\" aria-expanded=\"false\">Bexi-sorozat<\/div>\n\t\t\t\t\t\t\t\t\t<div id=\"elementor-tab-title-4554\" class=\"elementor-tab-title elementor-tab-desktop-title\" aria-selected=\"false\" data-tab=\"4\" role=\"tab\" tabindex=\"-1\" aria-controls=\"elementor-tab-content-4554\" aria-expanded=\"false\">Iskol\u00e1k versenye<\/div>\n\t\t\t\t\t\t\t\t\t<div id=\"elementor-tab-title-4555\" class=\"elementor-tab-title elementor-tab-desktop-title\" aria-selected=\"false\" data-tab=\"5\" role=\"tab\" tabindex=\"-1\" aria-controls=\"elementor-tab-content-4555\" aria-expanded=\"false\">L&L kiadv\u00e1nyok<\/div>\n\t\t\t\t\t\t\t\t\t<div id=\"elementor-tab-title-4556\" class=\"elementor-tab-title elementor-tab-desktop-title\" aria-selected=\"false\" data-tab=\"6\" role=\"tab\" tabindex=\"-1\" aria-controls=\"elementor-tab-content-4556\" aria-expanded=\"false\">Egyr\u00e9szes k\u00f6nyvek<\/div>\n\t\t\t\t\t\t\t<\/div>\n\t\t\t<div class=\"elementor-tabs-content-wrapper\" role=\"tablist\" aria-orientation=\"vertical\">\n\t\t\t\t\t\t\t\t\t<div class=\"elementor-tab-title elementor-tab-mobile-title\" aria-selected=\"true\" data-tab=\"1\" role=\"tab\" tabindex=\"0\" aria-controls=\"elementor-tab-content-4551\" aria-expanded=\"false\">\u00c1ltal\u00e1nos<\/div>\n\t\t\t\t\t<div id=\"elementor-tab-content-4551\" class=\"elementor-tab-content elementor-clearfix\" data-tab=\"1\" role=\"tabpanel\" aria-labelledby=\"elementor-tab-title-4551\" tabindex=\"0\" hidden=\"false\"><p><img decoding=\"async\" class=\"wp-image-294 size-thumbnail aligncenter\" src=\"https:\/\/www.leinerlaura.hu\/wp-content\/uploads\/2023\/02\/CF7EA16C-EB28-46EB-B121-4B1AB43CAB8E-160x160.jpeg\" alt=\"\" width=\"160\" height=\"160\" \/><\/p><p><em>Mindig \u00edr\u00f3 szerett\u00e9l volna lenni?<\/em><\/p><p>Nem, 18 \u00e9ves koromig nem tudtam, hogy \u00edr\u00f3 leszek. Akkor \u00edrtam az els\u0151 reg\u00e9nyemet Remek! c\u00edmmel.<\/p><p><em>A k\u00f6nyveid szerepl\u0151i kital\u00e1ltak? A t\u00f6rt\u00e9neteid megt\u00f6rt\u00e9nt esem\u00e9nyek?<\/em><\/p><p>A reg\u00e9nyeim minden szerepl\u0151je \u00e9s t\u00f6rt\u00e9nete teljesen kital\u00e1lt, a k\u00e9pzeletem sz\u00fclem\u00e9nye.<\/p><p><em>Szeretn\u00e9nk megh\u00edvni \u00edr\u00f3-olvas\u00f3 tal\u00e1lkoz\u00f3ra, k\u00f6nyvt\u00e1rba, iskol\u00e1ba. Hol lehet ezzel kapcsolatban \u00e9rdekl\u0151dni?<\/em><\/p><p>Mindenkinek nagyon k\u00f6sz\u00f6n\u00f6m a megkeres\u00e9st, \u00e9s a t\u00fcrelmet. A fesz\u00edtett munkatemp\u00f3m miatt sajnos nagyr\u00e9szt a saj\u00e1t szervez\u00e9sben t\u00f6rt\u00e9n\u0151 esem\u00e9nyeken tudok r\u00e9szt venni. Az \u00e1ltal\u00e1ban \u00e9venk\u00e9nt megrendez\u00e9sre ker\u00fcl\u0151 dedik\u00e1l\u00f3 k\u00f6r\u00fat helysz\u00edneit mi keress\u00fck fel, \u00e9s k\u00f6nyvt\u00e1rakkal\/k\u00f6nyvesboltokkal egyeztetve hirdetj\u00fck meg az esem\u00e9nyt. K\u00fcl\u00f6n megh\u00edv\u00e1sra sajnos csak ritk\u00e1n tudok menni, de igyeksz\u00fcnk \u00fagy alak\u00edtani a dedik\u00e1l\u00e1sokat, hogy min\u00e9l t\u00f6bb helyre ell\u00e1togathassak.<\/p><p><em>Mikor lesz dedik\u00e1l\u00e1s?<\/em><\/p><p>A dedik\u00e1l\u00e1sokat mindig ki\u00edrom a hivatalos oldalaimra. A vid\u00e9ki helysz\u00ednekre minden esetben egy k\u00f6r\u00fat alkalm\u00e1val l\u00e1togatok el, budapesti dedik\u00e1l\u00e1s pedig k\u00fcl\u00f6n szokott lenni az L&amp;L k\u00f6nyvesboltban.<\/p><p><em>Mennyibe ker\u00fcl a bel\u00e9p\u0151 a dedik\u00e1l\u00e1sra?<\/em><\/p><p>A dedik\u00e1l\u00e1s minden esetben ingyenes, semmilyen bel\u00e9p\u0151 nincs az esem\u00e9nyre.<\/p><p><em>Hol lehet veled tal\u00e1lkozni?<\/em><\/p><p>Hivatalosan az el\u0151re meghirdetett esem\u00e9nyeken, v\u00e9letlenszer\u0171en pedig \u00e1ltal\u00e1ban az L&amp;L k\u00f6nyvesboltban, vagy moziban. \ud83d\ude00<\/p><\/div>\n\t\t\t\t\t\t\t\t\t<div class=\"elementor-tab-title elementor-tab-mobile-title\" aria-selected=\"false\" data-tab=\"2\" role=\"tab\" tabindex=\"-1\" aria-controls=\"elementor-tab-content-4552\" aria-expanded=\"false\">SzJG<\/div>\n\t\t\t\t\t<div id=\"elementor-tab-content-4552\" class=\"elementor-tab-content elementor-clearfix\" data-tab=\"2\" role=\"tabpanel\" aria-labelledby=\"elementor-tab-title-4552\" tabindex=\"0\" hidden=\"hidden\"><p><img decoding=\"async\" class=\"aligncenter wp-image-436 size-thumbnail\" src=\"https:\/\/www.leinerlaura.hu\/wp-content\/uploads\/2023\/02\/logo-294x300-1-160x160.jpg\" alt=\"\" width=\"160\" height=\"160\" \/><\/p><p><em>Honnan j\u00f6tt a Szent Johanna gimi \u00f6tlete?<\/em><\/p><p>Szerettem volna egy ifj\u00fas\u00e1gi napl\u00f3reg\u00e9nyt \u00edrni, ami egy gimiben j\u00e1tsz\u00f3dik.<\/p><p><em>Mi\u00e9rt pont francia tagozatos az iskola?<\/em><\/p><p>\u00dagy \u00e9reztem, valami k\u00fcl\u00f6nlegesebb, kev\u00e9sb\u00e9 popul\u00e1ris nyelv lenne az ide\u00e1lis a t\u00f6rt\u00e9nethez.\u00a0<\/p><p><em>Honnan j\u00f6tt Cortez neve?<\/em><\/p><p>Szerettem volna, ha valami igaz\u00e1n \u201cmen\u0151\u201d neve lenne a szerepl\u0151nek, \u00edgy j\u00f6tt az, hogy legyen a beceneve Cortez. A mai napig nem tudok \u00c1d\u00e1mk\u00e9nt gondolni a karakterre.\u00a0<\/p><p><em>H\u00e1ny r\u00e9szes a Szent Johanna gimi?<\/em><\/p><p>A Szent Johanna gimi nyolc k\u00f6tetb\u0151l \u00e1ll: <strong>Kezdet, Egy\u00fctt, Egyed\u00fcl, Bar\u00e1tok, Rem\u00e9ny, \u00datveszt\u0151, \u00d6r\u00f6kk\u00e9, tov\u00e1bb\u00e1 megjelent egy albumk\u00f6tet SzJG Kalauz 2.0 c\u00edmmel<\/strong>.<\/p><p><em>Lesz folytat\u00e1sa a Szent Johanna giminek?<\/em><\/p><p>Nem, a t\u00f6rt\u00e9net v\u00e9get \u00e9rt a 8. k\u00f6tettel.<\/p><p><em>Lesz k\u00f6nyv Cortez szemsz\u00f6g\u00e9b\u0151l?<\/em><\/p><p>Nem, a Szent Johanna gimi Reni napl\u00f3ja, az \u0151 karakter\u00e9n kereszt\u00fcl ismerj\u00fck meg az iskol\u00e1t, \u00e9s a t\u00f6bbieket is.<\/p><p><em>\u00cdrhatok fanfictiont a t\u00f6rt\u00e9netb\u0151l, vagy valamelyik karakterr\u0151l?<\/em><\/p><p>Nagyon \u00f6r\u00fcl\u00f6k annak, hogy a Szent Johanna gimi a mai napig t\u00f6retlen n\u00e9pszer\u0171s\u00e9gnek \u00f6rvend, azonban a t\u00f6rt\u00e9netet \u00e9s szerepl\u0151ket szerz\u0151i jogok v\u00e9dik, a k\u00f6nyv \u00e1t\u00edr\u00e1sa\/folytat\u00e1sa nem enged\u00e9lyezett.<\/p><p><em>Mit \u00edrt Reni Ricsi kit\u0171z\u0151j\u00e9re?<\/em><\/p><p>Nem der\u00fclt ki a k\u00f6nyvben.\u00a0<\/p><p><em>Lesz film vagy sorozat a Szent Johanna gimib\u0151l?<\/em><\/p><p>Az elm\u00falt \u00e9vekben sok megkeres\u00e9s \u00e9rkezett az SzJG megfilmes\u00edt\u00e9s\u00e9vel kapcsolatban, ami nagyon megtisztel\u0151, azonban \u00fagy \u00e9rzem, szeretn\u00e9m meghagyni ezt a t\u00f6rt\u00e9netet \u00fagy, ahogyan az olvas\u00f3im k\u00fcl\u00f6n-k\u00fcl\u00f6n elk\u00e9pzelt\u00e9k, \u00edgy nem lesz film a Szent Johanna gimib\u0151l.<\/p><p><em>L\u00e9tezik Szent Johanna gimi folytat\u00e1s?<\/em><\/p><p>Nem, a Szent Johanna gimi sorozat v\u00e9get \u00e9rt az \u00d6r\u00f6kk\u00e9 k\u00f6tet utols\u00f3 oldal\u00e1n.<\/p><p><em>Lesz oszt\u00e1lytal\u00e1lkoz\u00f3 r\u00e9sz, vagy a szerepl\u0151kr\u0151l k\u00e9s\u0151bb j\u00e1tsz\u00f3d\u00f3 t\u00f6rt\u00e9net?<\/em><\/p><p>Nem, \u00e9n a Szent Johanna gimit mindig is Reni n\u00e9gy gimn\u00e1ziumi \u00e9vek\u00e9nt szerettem volna meg\u00edrni, a t\u00f6rt\u00e9net pedig v\u00e9get \u00e9rt azzal, hogy v\u00e9geztek a Szent Johann\u00e1ban.\u00a0<\/p><\/div>\n\t\t\t\t\t\t\t\t\t<div class=\"elementor-tab-title elementor-tab-mobile-title\" aria-selected=\"false\" data-tab=\"3\" role=\"tab\" tabindex=\"-1\" aria-controls=\"elementor-tab-content-4553\" aria-expanded=\"false\">Bexi-sorozat<\/div>\n\t\t\t\t\t<div id=\"elementor-tab-content-4553\" class=\"elementor-tab-content elementor-clearfix\" data-tab=\"3\" role=\"tabpanel\" aria-labelledby=\"elementor-tab-title-4553\" tabindex=\"0\" hidden=\"hidden\"><p><img decoding=\"async\" class=\"aligncenter wp-image-437 size-thumbnail\" src=\"https:\/\/www.leinerlaura.hu\/wp-content\/uploads\/2023\/02\/IMG_2498-768x768-1-160x160.jpg\" alt=\"\" width=\"160\" height=\"160\" srcset=\"https:\/\/www.leinerlaura.hu\/wp-content\/uploads\/2023\/02\/IMG_2498-768x768-1-160x160.jpg 160w, https:\/\/www.leinerlaura.hu\/wp-content\/uploads\/2023\/02\/IMG_2498-768x768-1-585x585.jpg 585w, https:\/\/www.leinerlaura.hu\/wp-content\/uploads\/2023\/02\/IMG_2498-768x768-1.jpg 768w\" sizes=\"(max-width: 160px) 100vw, 160px\" \/><\/p><p><em>H\u00e1ny r\u00e9szes a sorozat?<\/em><\/p><p>A Bexi-sorozat hat r\u00e9szb\u0151l \u00e1ll: <strong>K\u00e9st\u00e9l, Hull\u00f3csillag, Ill\u00fazi\u00f3, N\u00e9lk\u00fcled, Valahol, Egyszer.<\/strong><\/p><p><em>Lesz folytat\u00e1sa?<\/em><\/p><p>Nem, a t\u00f6rt\u00e9net befejez\u0151d\u00f6tt az Egyszer k\u00f6tet v\u00e9g\u00e9n.<\/p><p><em>L\u00e9tezik folytat\u00e1sa a Bexi-sorozatnak?\u00a0<\/em><\/p><p>Nem, Bexi\u00e9k t\u00f6rt\u00e9nete befejez\u0151d\u00f6tt az Egyszer k\u00f6tet v\u00e9g\u00e9n, lez\u00e1rult a sorozat.<\/p><p><em>Ki \u00edrta a dalsz\u00f6vegeket a k\u00f6nyvekben?<\/em><\/p><p>Az \u00f6sszes sz\u00f6veget \u00e9n \u00edrtam, ami a k\u00f6tetekben szerepel.<\/p><p><em>Megzen\u00e9s\u00edthetem a dalokat?<\/em><\/p><p>A k\u00f6nyvekben szerepl\u0151 valamennyi dalsz\u00f6veget szerz\u0151i jog v\u00e9di, \u00edgy annak feldolgoz\u00e1sa\/megzen\u00e9s\u00edt\u00e9se nem enged\u00e9lyezett.<\/p><p><em>Mi K\u00f6rte igazi neve?<\/em><\/p><p>Nem der\u00fclt ki a k\u00f6nyvb\u0151l.\u00a0<\/p><p><em>Mir\u0151l sz\u00f3lnak a Bexiben l\u00e9v\u0151 k\u00fclf\u00f6ldi sz\u00e1mok?<\/em><\/p><p><a href=\"https:\/\/www.youtube.com\/watch?v=AgzMZfS8m3U\" target=\"_blank\" rel=\"noopener noreferrer\">Gotye<\/a>\u00a0, <a href=\"https:\/\/www.youtube.com\/watch?v=jTQmjK4Ai-c\" target=\"_blank\" rel=\"noopener noreferrer\">Mr. A<\/a>\u00a0, <a href=\"https:\/\/www.youtube.com\/watch?v=8OQOLJ403t8\" target=\"_blank\" rel=\"noopener noreferrer\">Out Of My Head\u00a0<\/a>\u00a0, <a href=\"https:\/\/www.youtube.com\/watch?v=dtd8GQ7BBLE\" target=\"_blank\" rel=\"noopener noreferrer\">9 Crimes<\/a> ,\u00a0\u00a0<a href=\"https:\/\/www.youtube.com\/watch?v=XQ5uOhf8zcc\" target=\"_blank\" rel=\"noopener noreferrer\">Idlewild<\/a>\u00a0 , <a href=\"https:\/\/www.youtube.com\/watch?v=y1EC4Jqbfqs\" target=\"_blank\" rel=\"noopener noreferrer\">This Years Love<\/a><\/p><\/div>\n\t\t\t\t\t\t\t\t\t<div class=\"elementor-tab-title elementor-tab-mobile-title\" aria-selected=\"false\" data-tab=\"4\" role=\"tab\" tabindex=\"-1\" aria-controls=\"elementor-tab-content-4554\" aria-expanded=\"false\">Iskol\u00e1k versenye<\/div>\n\t\t\t\t\t<div id=\"elementor-tab-content-4554\" class=\"elementor-tab-content elementor-clearfix\" data-tab=\"4\" role=\"tabpanel\" aria-labelledby=\"elementor-tab-title-4554\" tabindex=\"0\" hidden=\"hidden\"><p><img loading=\"lazy\" decoding=\"async\" class=\"aligncenter wp-image-441 size-thumbnail\" src=\"https:\/\/www.leinerlaura.hu\/wp-content\/uploads\/2023\/02\/homokoraiov2-300x300-1-160x160.jpg\" alt=\"\" width=\"160\" height=\"160\" srcset=\"https:\/\/www.leinerlaura.hu\/wp-content\/uploads\/2023\/02\/homokoraiov2-300x300-1-160x160.jpg 160w, https:\/\/www.leinerlaura.hu\/wp-content\/uploads\/2023\/02\/homokoraiov2-300x300-1.jpg 300w\" sizes=\"(max-width: 160px) 100vw, 160px\" \/><\/p><p><em>H\u00e1ny r\u00e9szes a sorozat?<\/em><\/p><p>Az IOV tril\u00f3gi\u00e1k k\u00e9tszer h\u00e1rom k\u00f6nyvb\u0151l \u00e1llnak.<\/p><p>Az els\u0151 tril\u00f3gia r\u00e9szei: <strong>\u00c9g veled, Maradj velem, Eml\u00e9kezz r\u00e1m<\/strong><\/p><p>A m\u00e1sodik tril\u00f3gia r\u00e9szei: <strong>B\u00edzz bennem, Higgy nekem, \u00c1llj mell\u00e9m<\/strong><\/p><p><em>Lesz harmadik tril\u00f3gia?<\/em><\/p><p>Nem, a Szirtes k\u00e9tszeri r\u00e9szv\u00e9tel\u00e9vel \u00e9s b\u00facs\u00faj\u00e1val v\u00e9get \u00e9rt az Iskol\u00e1k versenye sorozat.<\/p><p><em>Milyen dalsz\u00f6veg szerepel az els\u0151 tril\u00f3gia elej\u00e9n?<\/em><\/p><p><a href=\"https:\/\/www.youtube.com\/watch?v=A7ry4cx6HfY\" target=\"_blank\" rel=\"noopener noreferrer\">Avenged Sevenfold \u2013 So Far Away<\/a><\/p><p><em>Milyen dalsz\u00f6veg szerepel a m\u00e1sodik tril\u00f3gia elej\u00e9n?<\/em><\/p><p><a href=\"https:\/\/www.youtube.com\/watch?v=OH9A6tn_P6g\" target=\"_blank\" rel=\"noopener\">Paramore \u2013 Ignorance<\/a><\/p><p><em>Mit \u00edrtak az els\u0151 tril\u00f3gia szerepl\u0151i S\u00e1r\u00e1\u00e9knak a lev\u00e9lben?<\/em><\/p><p>Nem der\u00fclt ki a k\u00f6nyvben.\u00a0<\/p><p><em>Hol j\u00e1tsz\u00f3dnak a k\u00f6nyvek?<\/em><\/p><p>Az els\u0151 tril\u00f3gia a B\u00fckkben, a m\u00e1sodik tril\u00f3gia a Hortob\u00e1gyon.<\/p><\/div>\n\t\t\t\t\t\t\t\t\t<div class=\"elementor-tab-title elementor-tab-mobile-title\" aria-selected=\"false\" data-tab=\"5\" role=\"tab\" tabindex=\"-1\" aria-controls=\"elementor-tab-content-4555\" aria-expanded=\"false\">L&L kiadv\u00e1nyok<\/div>\n\t\t\t\t\t<div id=\"elementor-tab-content-4555\" class=\"elementor-tab-content elementor-clearfix\" data-tab=\"5\" role=\"tabpanel\" aria-labelledby=\"elementor-tab-title-4555\" tabindex=\"0\" hidden=\"hidden\"><p><em><img loading=\"lazy\" decoding=\"async\" class=\"aligncenter wp-image-717 size-thumbnail\" src=\"https:\/\/www.leinerlaura.hu\/wp-content\/uploads\/2023\/02\/IMG_4650-160x160.png\" alt=\"\" width=\"160\" height=\"160\" \/>Mik azok az L&amp;L kiadv\u00e1nyok?<\/em><\/p><p>L&amp;L kiadv\u00e1nyok azok a reg\u00e9nyeim, amiket kiz\u00e1r\u00f3lag az L&amp;L k\u00f6nyvesbolt forgalmaz, \u00e9s csak az L&amp;L k\u00f6nyvesboltban lehet kapni\/rendelni. Ezek a k\u00f6nyvek a megszokott\u00f3l elt\u00e9r\u0151en \u00e1ltal\u00e1ban nem ifj\u00fas\u00e1gi reg\u00e9nyek.<\/p><p><em>Melyik k\u00f6nyvek azok?<\/em><\/p><p>A kiz\u00e1r\u00f3lag L&amp;L k\u00f6nyvesboltban kaphat\u00f3 k\u00f6nyveim:<\/p><p><strong>Remek!, Ez is remek egyk\u00f6tetes v\u00e1ltozat, K\u00f6zhelyek, Random<\/strong><\/p><p><em>Lesz m\u00e9g csak L&amp;L k\u00f6nyvesboltban megjelen\u0151 k\u00f6nyved?<br \/><\/em><\/p><p>Nagyon sok k\u00e9ziratom van m\u00e9g fi\u00f3kban r\u00e9gebbr\u0151l, amiket id\u0151vel szeretn\u00e9k megjelentetni, \u00edgy elk\u00e9pzelhet\u0151, hogy az orsz\u00e1gos megjelen\u00e9sek mellett \u00e9rkeznek m\u00e9g tov\u00e1bbi L&amp;L kiadv\u00e1nyok is.<\/p><\/div>\n\t\t\t\t\t\t\t\t\t<div class=\"elementor-tab-title elementor-tab-mobile-title\" aria-selected=\"false\" data-tab=\"6\" role=\"tab\" tabindex=\"-1\" aria-controls=\"elementor-tab-content-4556\" aria-expanded=\"false\">Egyr\u00e9szes k\u00f6nyvek<\/div>\n\t\t\t\t\t<div id=\"elementor-tab-content-4556\" class=\"elementor-tab-content elementor-clearfix\" data-tab=\"6\" role=\"tabpanel\" aria-labelledby=\"elementor-tab-title-4556\" tabindex=\"0\" hidden=\"hidden\"><p><em><img loading=\"lazy\" decoding=\"async\" class=\"aligncenter wp-image-718 size-thumbnail\" src=\"https:\/\/www.leinerlaura.hu\/wp-content\/uploads\/2023\/02\/IMG_5789-160x160.png\" alt=\"\" width=\"160\" height=\"160\" \/><\/em><\/p><p><em>Lesz folytat\u00e1sa a B\u00e1belnek\/Akkor szak\u00edtsunknak\/K\u00f6zhelyeknek, Mindig kar\u00e1csonynak?<\/em><\/p><p>Egyel\u0151re egyik egyr\u00e9szes reg\u00e9nyemnek sem tervezek folytat\u00e1st \u00edrni, mert rengeteg \u00faj t\u00f6rt\u00e9net \u00e9s szerepl\u0151 van a fejemben, akiket szeretn\u00e9k m\u00e9g megismertetni az olvas\u00f3kkal.<\/p><\/div>\n\t\t\t\t\t\t\t<\/div>\n\t\t<\/div>\n\t\t\t\t\t\t<\/div>\n\t\t\t\t<\/div>\n\t\t\t\t\t<\/div>\n\t\t<\/div>\n\t\t\t\t\t<\/div>\n\t\t<\/section>\n\t\t\t\t<\/div>\n\t\t","protected":false},"excerpt":{"rendered":"<p>Gyakran ism\u00e9telt k\u00e9rd\u00e9sek \u00c1ltal\u00e1nos SzJG Bexi-sorozat Iskol\u00e1k versenye L&#038;L kiadv\u00e1nyok Egyr\u00e9szes k\u00f6nyvek \u00c1ltal\u00e1nos Mindig \u00edr\u00f3 szerett\u00e9l volna lenni? Nem, 18 \u00e9ves koromig nem tudtam, hogy \u00edr\u00f3 leszek. Akkor \u00edrtam az els\u0151 reg\u00e9nyemet Remek! c\u00edmmel. A k\u00f6nyveid szerepl\u0151i kital\u00e1ltak? A t\u00f6rt\u00e9neteid megt\u00f6rt\u00e9nt esem\u00e9nyek? A reg\u00e9nyeim minden szerepl\u0151je \u00e9s t\u00f6rt\u00e9nete teljesen kital\u00e1lt, a k\u00e9pzeletem sz\u00fclem\u00e9nye. Szeretn\u00e9nk megh\u00edvni<\/p>\n","protected":false},"author":2,"featured_media":0,"parent":0,"menu_order":0,"comment_status":"closed","ping_status":"closed","template":"","meta":{"footnotes":""},"class_list":["post-37","page","type-page","status-publish","hentry"],"jetpack_sharing_enabled":true,"_links":{"self":[{"href":"https:\/\/www.leinerlaura.hu\/index.php\/wp-json\/wp\/v2\/pages\/37","targetHints":{"allow":["GET"]}}],"collection":[{"href":"https:\/\/www.leinerlaura.hu\/index.php\/wp-json\/wp\/v2\/pages"}],"about":[{"href":"https:\/\/www.leinerlaura.hu\/index.php\/wp-json\/wp\/v2\/types\/page"}],"author":[{"embeddable":true,"href":"https:\/\/www.leinerlaura.hu\/index.php\/wp-json\/wp\/v2\/users\/2"}],"replies":[{"embeddable":true,"href":"https:\/\/www.leinerlaura.hu\/index.php\/wp-json\/wp\/v2\/comments?post=37"}],"version-history":[{"count":72,"href":"https:\/\/www.leinerlaura.hu\/index.php\/wp-json\/wp\/v2\/pages\/37\/revisions"}],"predecessor-version":[{"id":849,"href":"https:\/\/www.leinerlaura.hu\/index.php\/wp-json\/wp\/v2\/pages\/37\/revisions\/849"}],"wp:attachment":[{"href":"https:\/\/www.leinerlaura.hu\/index.php\/wp-json\/wp\/v2\/media?parent=37"}],"curies":[{"name":"wp","href":"https:\/\/api.w.org\/{rel}","templated":true}]}}